{"id":72603,"date":"2026-04-11T15:09:50","date_gmt":"2026-04-11T19:09:50","guid":{"rendered":"https:\/\/nouveau.maisonmallet.com\/?post_type=event&#038;p=72603"},"modified":"2026-04-12T15:15:42","modified_gmt":"2026-04-12T19:15:42","slug":"fontaine-jean-sylvestre-nishto","status":"publish","type":"event","link":"https:\/\/nouveau.maisonmallet.com\/back05_01\/?event=fontaine-jean-sylvestre-nishto","title":{"rendered":"FONTAINE, Jean-Sylvestre (Nishto)"},"content":{"rendered":"<p>Le Complexe Thanatologique Mallet &#038; fils a le regret de vous annoncer le d\u00e9c\u00e8s de<\/p>\n<p>Jean-Sylvestre (Nishto) Fontaine<br \/>\n1977 \u2013 2026<\/p>\n<p>\u00c0 Las Vegas, le 27 f\u00e9vrier 2026, est d\u00e9c\u00e9d\u00e9 \u00e0 l\u2019\u00e2ge de 48 ans, monsieur Jean-Sylvestre (Nishto) Fontaine fils de feu Mathias Fontaine et de feu Marie-Louise Cr\u00e9peau domicili\u00e9 \u00e0 Maliotenam. <\/p>\n<p>Les fun\u00e9railles de monsieur Jean-Sylvestre (Nishto) Fontaine auront lieu le jeudi 16 avril 2026 \u00e0 10 h 30 en l\u2019\u00e9glise Notre-Dame du Cap situ\u00e9e au 139, rue de l\u2019\u00c9glise \u00e0 Maliotenam et de l\u00e0 au cr\u00e9matorium de la Maison Mallet &#038; fils pour cr\u00e9mation.<\/p>\n<p>La famille re\u00e7oit parents et amis le mardi 14 avril 2026 de 19 h \u00e0 22 h. Le mercredi 15 avril 2026 de 13 h \u00e0 16 h et de 19 h \u00e0 22 h. Le jeudi 16 avril 2026 jour des fun\u00e9railles \u00e0 compter de 9 h au Complexe Thanatologique Mallet &#038; fils du 585, boul. Laure \u00e0 Sept-\u00celes. <\/p>\n<p>Il laisse dans le deuil ses fils : Alex (L\u00e9a Vigneault) et Gary , ses petits-enfants : Devon-Tyler, Kelya et Izzy, ses fr\u00e8res et ses s\u0153urs : Rita Moreau, Th\u00e9r\u00e8se Fontaine, Jean-Louis Fontaine, Gertrude Pinette (Andr\u00e9 Lagac\u00e9), Gilberte Moreau et Paul Fontaine (Solange Pinette), sa m\u00e8re Sarah Jourdain<br \/>\n(Greg Kirkpatrick), ses fr\u00e8res et ses s\u0153urs : Patrice (M\u00e9lanie Gabriel) Jennyfer (Sammy Thirnish) Diane et Greg Jr. (Isabelle Fontaine) ainsi que ses neveux, ses ni\u00e8ces, ses oncles, ses tantes, ses cousins, ses cousines et de nombreux ami(e)s.<\/p>\n<p>La famille a confi\u00e9 la direction des fun\u00e9railles aux services professionnels de la Maison Mallet &#038; fils du 585, boul. Laure \u00e0 Sept-\u00celes, maintenant reconnue Distinction et membre de la Corporation des Thanatologues du Qu\u00e9bec.<\/p>\n<p>Vous pouvez consulter cet avis de d\u00e9c\u00e8s sur le www.maisonmallet.com<\/p>\n<p>Ceux et celles qui le d\u00e9sirent, peuvent y envoyer des messages de condol\u00e9ances.<\/p>\n<p>[contact-form to=\u00a0\u00bbr.moreau1949@outlook.com\u00a0\u00bb subject=\u00a0\u00bbCondol\u00e9ances Jean-Sylvestre Fontaine\u00a0\u00bb][contact-field label=\u00a0\u00bbVotre nom\u00a0\u00bb type=\u00a0\u00bbname\u00a0\u00bb required=\u00a0\u00bb1&Prime;][contact-field label=\u00a0\u00bbVotre courriel\u00a0\u00bb type=\u00a0\u00bbemail\u00a0\u00bb required=\u00a0\u00bb1&Prime;][contact-field label=\u00a0\u00bbCondol\u00e9ances\u00a0\u00bb type=\u00a0\u00bbtextarea\u00a0\u00bb][\/contact-form]<\/p>\n","protected":false},"featured_media":72692,"template":"","event_cat":[6],"class_list":["post-72603","event","type-event","status-publish","has-post-thumbnail","hentry","event_cat-maison-mallet-et-fils-inc"],"_links":{"self":[{"href":"https:\/\/nouveau.maisonmallet.com\/back05_01\/index.php?rest_route=\/wp\/v2\/event\/72603","targetHints":{"allow":["GET"]}}],"collection":[{"href":"https:\/\/nouveau.maisonmallet.com\/back05_01\/index.php?rest_route=\/wp\/v2\/event"}],"about":[{"href":"https:\/\/nouveau.maisonmallet.com\/back05_01\/index.php?rest_route=\/wp\/v2\/types\/event"}],"wp:featuredmedia":[{"embeddable":true,"href":"https:\/\/nouveau.maisonmallet.com\/back05_01\/index.php?rest_route=\/wp\/v2\/media\/72692"}],"wp:attachment":[{"href":"https:\/\/nouveau.maisonmallet.com\/back05_01\/index.php?rest_route=%2Fwp%2Fv2%2Fmedia&parent=72603"}],"wp:term":[{"taxonomy":"event_cat","embeddable":true,"href":"https:\/\/nouveau.maisonmallet.com\/back05_01\/index.php?rest_route=%2Fwp%2Fv2%2Fevent_cat&post=72603"}],"curies":[{"name":"wp","href":"https:\/\/api.w.org\/{rel}","templated":true}]}}