{"id":7324,"date":"2020-09-01T15:25:57","date_gmt":"2020-09-01T19:25:57","guid":{"rendered":"https:\/\/nouveau.maisonmallet.com\/?post_type=event&#038;p=7324"},"modified":"2020-09-02T11:33:13","modified_gmt":"2020-09-02T15:33:13","slug":"duchesneau-yvette","status":"publish","type":"event","link":"https:\/\/nouveau.maisonmallet.com\/back05_01\/?event=duchesneau-yvette","title":{"rendered":"DUCHESNEAU, Yvette (Bergeron)"},"content":{"rendered":"<p>1923 \u2013 2019<\/p>\n<p>DUCHESNEAU, Yvette (Bergeron)<\/p>\n<p>&nbsp;<\/p>\n<p>\u00c0 Sept-\u00celes (Maison \u00c9lyme des sables), le 12 d\u00e9cembre 2019, est d\u00e9c\u00e9d\u00e9e \u00e0 l\u2019\u00e2ge de 95 ans, madame Yvette Duchesneau \u00e9pouse de feu G\u00e9rard Bergeron et domicili\u00e9e \u00e0 Sept-\u00celes.<\/p>\n<p>Les fun\u00e9railles de madame Yvette Duchesneau auront lieu le samedi 5 septembre 2020 \u00e0 14 h en l\u2019\u00e9glise St-Joseph situ\u00e9e au 535, ave. Brochu \u00e0 Sept-\u00celes et de l\u00e0 au columbarium de cimeti\u00e8re Catholique de Sept-\u00celes.<\/p>\n<p>Selon ses volont\u00e9s, elle a \u00e9t\u00e9 confi\u00e9e au cr\u00e9matorium de la Maison Mallet &amp; fils pour cr\u00e9mation.<\/p>\n<p>Elle laisse dans le deuil ses filles : Jocelyne, Huguette et Michelle (Daniel Michaud), ses fils : Claude (France H\u00e9bert) et Andr\u00e9 (Monique M\u00e9thot), ses treize petits-enfants, ses dix-huit arri\u00e8re-petits-enfants, son arri\u00e8re-arri\u00e8re-petit-fils ainsi que ses neveux, ses ni\u00e8ces et de nombreux ami(e)s.<\/p>\n<p>Elle \u00e9tait la m\u00e8re de feu Guy (Suzanne Proteau).<\/p>\n<p>Vos marques de sympathie peuvent se traduire par un don \u00e0 l\u2019\u00c9lyme des sables <a href=\"http:\/\/www.elymedessables.com\">www.elymedessables.com<\/a><\/p>\n<p>La famille a confi\u00e9 la direction des fun\u00e9railles aux services professionnels de la Maison Mallet &amp; fils du 585, Boul. Laure \u00e0 Sept-\u00celes, maintenant reconnue Distinction et membre de la Corporation des Thanatologues du Qu\u00e9bec.<\/p>\n<p>Vous pouvez consulter cet avis de d\u00e9c\u00e8s, sur le <a href=\"https:\/\/nouveau.maisonmallet.com\/back05_01\">www.maisonmallet.com<\/a><\/p>\n<p>Ceux et celles qui le d\u00e9sirent, peuvent y envoyer des messages de sympathie.<\/p>\n<p>&nbsp;<\/p>\n<hr \/>\n<p>Envoyer vos condol\u00e9ances<\/p>\n<p>[contact-form to=\u00a0\u00bbmariejoseetheriault2@gmail.com\u00a0\u00bb subject=\u00a0\u00bbCondol\u00e9ances Yvette Duchesneau\u00a0\u00bb][contact-field label=\u00a0\u00bbVotre nom\u00a0\u00bb type=\u00a0\u00bbname\u00a0\u00bb required=\u00a0\u00bb1&Prime;][contact-field label=\u00a0\u00bbVotre courriel\u00a0\u00bb type=\u00a0\u00bbemail\u00a0\u00bb required=\u00a0\u00bb1&Prime;][contact-field label=\u00a0\u00bbCondol\u00e9ances\u00a0\u00bb type=\u00a0\u00bbtextarea\u00a0\u00bb][\/contact-form]<\/p>\n","protected":false},"featured_media":7328,"template":"","event_cat":[6],"class_list":["post-7324","event","type-event","status-publish","has-post-thumbnail","hentry","event_cat-maison-mallet-et-fils-inc"],"_links":{"self":[{"href":"https:\/\/nouveau.maisonmallet.com\/back05_01\/index.php?rest_route=\/wp\/v2\/event\/7324","targetHints":{"allow":["GET"]}}],"collection":[{"href":"https:\/\/nouveau.maisonmallet.com\/back05_01\/index.php?rest_route=\/wp\/v2\/event"}],"about":[{"href":"https:\/\/nouveau.maisonmallet.com\/back05_01\/index.php?rest_route=\/wp\/v2\/types\/event"}],"wp:featuredmedia":[{"embeddable":true,"href":"https:\/\/nouveau.maisonmallet.com\/back05_01\/index.php?rest_route=\/wp\/v2\/media\/7328"}],"wp:attachment":[{"href":"https:\/\/nouveau.maisonmallet.com\/back05_01\/index.php?rest_route=%2Fwp%2Fv2%2Fmedia&parent=7324"}],"wp:term":[{"taxonomy":"event_cat","embeddable":true,"href":"https:\/\/nouveau.maisonmallet.com\/back05_01\/index.php?rest_route=%2Fwp%2Fv2%2Fevent_cat&post=7324"}],"curies":[{"name":"wp","href":"https:\/\/api.w.org\/{rel}","templated":true}]}}