{"id":7353,"date":"2019-12-14T09:25:26","date_gmt":"2019-12-14T14:25:26","guid":{"rendered":"https:\/\/nouveau.maisonmallet.com\/?post_type=event&#038;p=7353"},"modified":"2019-12-17T23:14:07","modified_gmt":"2019-12-18T04:14:07","slug":"boudreau-norbert","status":"publish","type":"event","link":"https:\/\/nouveau.maisonmallet.com\/back05_01\/?event=boudreau-norbert","title":{"rendered":"BOUDREAU, Norbert"},"content":{"rendered":"<p>1947 &#8211; 2019<\/p>\n<p>BOUDREAU, Norbert<\/p>\n<p>&nbsp;<\/p>\n<p>\u00c0 Sept-\u00celes (maison \u00c9lyme des sables), le 14 d\u00e9cembre 2019, est d\u00e9c\u00e9d\u00e9 \u00e0 l\u2019\u00e2ge de 72 ans, monsieur Norbert Boudreau fils de feu Edmond Boudreau et de feue Berthe Lebrasseur domicili\u00e9 \u00e0 Moisie.<\/p>\n<p>La c\u00e9r\u00e9monie comm\u00e9morative de monsieur Norbert Boudreau aura lieu le jeudi 19 d\u00e9cembre 2019 \u00e0 15 h 30 \u00e0 la chapelle du Complexe Thanatologique Mallet &amp; fils.<\/p>\n<p>Selon ses volont\u00e9s, il a \u00e9t\u00e9 confi\u00e9 au cr\u00e9matorium de la Maison Mallet &amp; fils pour cr\u00e9mation.<\/p>\n<p>La famille re\u00e7oit parents et amis le jeudi 19 d\u00e9cembre 2019 jour de la c\u00e9r\u00e9monie de 13 h \u00e0 16 h au Complexe Thanatologique Mallet &amp; fils du 585, boul. Laure \u00e0 Sept-\u00celes.<\/p>\n<p>Il laisse dans le deuil ses s\u0153urs\u00a0: Jocelyne et Marl\u00e8ne (Gervais Gaudreault), ses fr\u00e8res\u00a0: Richard (Gladys B\u00e9rub\u00e9), Florent et R\u00e9nold (Jeanine Bergeron), ainsi que ses belles-s\u0153urs\u00a0: Micheline et Sylvia, ses neveux, ses ni\u00e8ces, ses oncles, ses tantes, ses cousins, ses cousines et de nombreux ami(e)s.<\/p>\n<p>Vos marques de sympathie peuvent se traduire par un don \u00e0 l\u2019\u00c9lyme des sables <a href=\"http:\/\/www.elymedessables.com\/\">www.elymedessables.com<\/a><\/p>\n<p>La famille a confi\u00e9 les arrangements aux services professionnels de la Maison Mallet &amp; fils du 585, boul. Laure \u00e0 Sept-\u00celes, maintenant reconnue Distinction et membre de la Corporation des Thanatologues du Qu\u00e9bec.<\/p>\n<p>Vous pouvez consulter cet avis de d\u00e9c\u00e8s, sur le <a href=\"https:\/\/nouveau.maisonmallet.com\/back05_01\/\">www.maisonmallet.com<\/a><\/p>\n<p>Ceux et celles qui le d\u00e9sirent peuvent y envoyer des messages de sympathie.<\/p>\n<p>&nbsp;<\/p>\n<hr \/>\n<p>Envoyer vos condol\u00e9ances<\/p>\n<p>[contact-form to=\u00a0\u00bbmargaud1@hotmail.com\u00a0\u00bb subject=\u00a0\u00bbCondol\u00e9ances Norbert Boudreau\u00a0\u00bb][contact-field label=\u00a0\u00bbVotre nom\u00a0\u00bb type=\u00a0\u00bbname\u00a0\u00bb required=\u00a0\u00bb1&Prime;][contact-field label=\u00a0\u00bbVotre courriel\u00a0\u00bb type=\u00a0\u00bbemail\u00a0\u00bb required=\u00a0\u00bb1&Prime;][contact-field label=\u00a0\u00bbCondol\u00e9ances\u00a0\u00bb type=\u00a0\u00bbtextarea\u00a0\u00bb][\/contact-form]<\/p>\n","protected":false},"featured_media":7409,"template":"","event_cat":[6],"class_list":["post-7353","event","type-event","status-publish","has-post-thumbnail","hentry","event_cat-maison-mallet-et-fils-inc"],"_links":{"self":[{"href":"https:\/\/nouveau.maisonmallet.com\/back05_01\/index.php?rest_route=\/wp\/v2\/event\/7353","targetHints":{"allow":["GET"]}}],"collection":[{"href":"https:\/\/nouveau.maisonmallet.com\/back05_01\/index.php?rest_route=\/wp\/v2\/event"}],"about":[{"href":"https:\/\/nouveau.maisonmallet.com\/back05_01\/index.php?rest_route=\/wp\/v2\/types\/event"}],"wp:featuredmedia":[{"embeddable":true,"href":"https:\/\/nouveau.maisonmallet.com\/back05_01\/index.php?rest_route=\/wp\/v2\/media\/7409"}],"wp:attachment":[{"href":"https:\/\/nouveau.maisonmallet.com\/back05_01\/index.php?rest_route=%2Fwp%2Fv2%2Fmedia&parent=7353"}],"wp:term":[{"taxonomy":"event_cat","embeddable":true,"href":"https:\/\/nouveau.maisonmallet.com\/back05_01\/index.php?rest_route=%2Fwp%2Fv2%2Fevent_cat&post=7353"}],"curies":[{"name":"wp","href":"https:\/\/api.w.org\/{rel}","templated":true}]}}