{"id":7837,"date":"2020-01-01T18:00:05","date_gmt":"2020-01-01T23:00:05","guid":{"rendered":"https:\/\/nouveau.maisonmallet.com\/?post_type=event&#038;p=7837"},"modified":"2020-01-04T13:27:38","modified_gmt":"2020-01-04T18:27:38","slug":"landry-line","status":"publish","type":"event","link":"https:\/\/nouveau.maisonmallet.com\/back05_01\/?event=landry-line","title":{"rendered":"LANDRY, Line"},"content":{"rendered":"<p>1962 \u2013 2020<\/p>\n<p>LANDRY, Line<\/p>\n<p>&nbsp;<\/p>\n<p>\u00c0 Port-Cartier, le 1<sup>er<\/sup> janvier 2020, est d\u00e9c\u00e9d\u00e9e \u00e0 l\u2019\u00e2ge de 57 ans, madame Line Landry fille de feu Charles-\u00c9mile Landry et de feue Lina Boudreault, \u00e9pouse de monsieur Sylvain Dugas,\u00a0domicili\u00e9e \u00a0\u00e0 Port-Cartier.<\/p>\n<p>Les fun\u00e9railles de madame Line Landry auront lieu le samedi 11 janvier 2020 \u00e0 16 h en l\u2019\u00e9glise Sacr\u00e9-C\u0153ur situ\u00e9e au 38, rue Parent \u00e0 Port-Cartier.<\/p>\n<p>Selon ses volont\u00e9s, elle a \u00e9t\u00e9 confi\u00e9e au cr\u00e9matorium de la Maison Mallet &amp; fils pour cr\u00e9mation.<\/p>\n<p>La famille re\u00e7oit parents et amis le samedi 11 janvier 2020 jour des fun\u00e9railles \u00e0 compter de 15 h \u00e0 l\u2019\u00e9glise Sacr\u00e9-C\u0153ur de port-Cartier.<\/p>\n<p>Elle laisse dans le deuil outre son \u00e9poux monsieur Sylvain Dugas, ses filles : Cindy (Jimmy Bouchard), Tania, Andr\u00e9anne (Jo\u00ebl Grondin) et Annick (Bertrand Levesque), ses petits-enfants : \u00c8ve-Marie, Fr\u00e9d\u00e9rique, J\u00e9r\u00f4me, Jade, Samuel, Nathan et Alexane, son p\u00e8re monsieur No\u00ebl Th\u00e9riault (Paulette Bernier), sa belle-m\u00e8re madame Fernande Dastous ainsi que ses fr\u00e8res : Dieudonn\u00e9, Steve (Nathalie C\u00f4t\u00e9), jules (Lucette Vibert) et Mario (Mona Aubin), ses s\u0153urs : Doris (Andr\u00e9 Michaud), Guylaine et Charline (Michel Gravel), ses neveux, ses ni\u00e8ces, ses oncles, ses tantes, ses cousins, ses cousines et de nombreux ami(e)s.<\/p>\n<p>Vos marques de sympathie peuvent se traduire par un don \u00e0 la Soci\u00e9t\u00e9 Canadienne du cancer <a href=\"http:\/\/www.cancer.ca\/\">www.cancer.ca<\/a><\/p>\n<p>La famille a confi\u00e9 la direction des fun\u00e9railles aux services professionnels de la maison Mallet &amp; fils du 57, route 138 \u00e0 Port-Cartier, maintenant reconnue Distinction et membre de la Corporation des Thanatologues du Qu\u00e9bec.<\/p>\n<p>Vous pouvez consulter cet avis de d\u00e9c\u00e8s, sur le <a href=\"https:\/\/nouveau.maisonmallet.com\/back05_01\/\">www.maisonmallet.com<\/a><\/p>\n<p>Ceux et celles qui le d\u00e9sirent, peuvent y envoyer des messages de sympathie.<\/p>\n<p>&nbsp;<\/p>\n<hr \/>\n<p>Envoyer vos condol\u00e9ances<\/p>\n<p>[contact-form to=\u00a0\u00bbdydylandry0@icloud.com\u00a0\u00bb subject=\u00a0\u00bbCondol\u00e9ances Line Landry\u00a0\u00bb][contact-field label=\u00a0\u00bbVotre nom\u00a0\u00bb type=\u00a0\u00bbname\u00a0\u00bb required=\u00a0\u00bb1&Prime;][contact-field label=\u00a0\u00bbVotre courriel\u00a0\u00bb type=\u00a0\u00bbemail\u00a0\u00bb required=\u00a0\u00bb1&Prime;][contact-field label=\u00a0\u00bbCondol\u00e9ances\u00a0\u00bb type=\u00a0\u00bbtextarea\u00a0\u00bb][\/contact-form]<\/p>\n","protected":false},"featured_media":7974,"template":"","event_cat":[6],"class_list":["post-7837","event","type-event","status-publish","has-post-thumbnail","hentry","event_cat-maison-mallet-et-fils-inc"],"_links":{"self":[{"href":"https:\/\/nouveau.maisonmallet.com\/back05_01\/index.php?rest_route=\/wp\/v2\/event\/7837","targetHints":{"allow":["GET"]}}],"collection":[{"href":"https:\/\/nouveau.maisonmallet.com\/back05_01\/index.php?rest_route=\/wp\/v2\/event"}],"about":[{"href":"https:\/\/nouveau.maisonmallet.com\/back05_01\/index.php?rest_route=\/wp\/v2\/types\/event"}],"wp:featuredmedia":[{"embeddable":true,"href":"https:\/\/nouveau.maisonmallet.com\/back05_01\/index.php?rest_route=\/wp\/v2\/media\/7974"}],"wp:attachment":[{"href":"https:\/\/nouveau.maisonmallet.com\/back05_01\/index.php?rest_route=%2Fwp%2Fv2%2Fmedia&parent=7837"}],"wp:term":[{"taxonomy":"event_cat","embeddable":true,"href":"https:\/\/nouveau.maisonmallet.com\/back05_01\/index.php?rest_route=%2Fwp%2Fv2%2Fevent_cat&post=7837"}],"curies":[{"name":"wp","href":"https:\/\/api.w.org\/{rel}","templated":true}]}}