{"id":9001,"date":"2020-01-31T22:00:47","date_gmt":"2020-02-01T03:00:47","guid":{"rendered":"https:\/\/nouveau.maisonmallet.com\/?post_type=event&#038;p=9001"},"modified":"2020-02-03T11:00:35","modified_gmt":"2020-02-03T16:00:35","slug":"massey-adrienne-duclos","status":"publish","type":"event","link":"https:\/\/nouveau.maisonmallet.com\/back05_01\/?event=massey-adrienne-duclos","title":{"rendered":"MASSEY Adrienne (Duclos)"},"content":{"rendered":"<p>1943 &#8211; 2020<\/p>\n<p>MASSEY, Adrienne (Duclos)<\/p>\n<p>&nbsp;<\/p>\n<p>\u00c0 Sept-\u00celes, le 31 janvier 2020, est d\u00e9c\u00e9d\u00e9e \u00e0 l\u2019\u00e2ge de 76 ans, madame Adrienne Massey \u00e9pouse de monsieur Antoine Duclos et domicili\u00e9e \u00e0 Sept-\u00celes.<\/p>\n<p>Les fun\u00e9railles de madame Adrienne Massey Duclos auront lieu le vendredi 7 f\u00e9vrier 2020 \u00e0 14 h en l\u2019\u00e9glise Marie-Immacul\u00e9e situ\u00e9e au 180, rue Papineau \u00e0 Sept-\u00celes.<\/p>\n<p>La famille re\u00e7oit parents et amis le jeudi 6 f\u00e9vrier 2020 de 13 h \u00e0 16 et de 19 h \u00e0 22 h. Le vendredi 7 f\u00e9vrier 2020 \u00e0 compter de 12 h 30 au Complexe Thanatologique Mallet &amp; fils du 585, Boul. Laure \u00e0 Sept-\u00celes.<\/p>\n<p>Elle laisse dans le deuil outre son \u00e9poux monsieur Antoine Duclos, son fils Alain, sa fille Danielle (Alain De Montigny), son petit-fils Jean (Camille L\u00e9vesque), sa petite-fille Genevi\u00e8ve leur m\u00e8re Monique Beaudin ainsi que ses s\u0153urs\u00a0: Anna (G\u00e9rald) et Annette, ses fr\u00e8res\u00a0: Andr\u00e9 (Huguette) et Jean-Yves (Huguette), ses beaux-fr\u00e8res, ses belles-s\u0153urs, ses neveux, ses ni\u00e8ces, ses cousins, ses cousines et de nombreux ami(e)s.<\/p>\n<p>Vos marques de sympathie peuvent se traduire par un don \u00e0 la soci\u00e9t\u00e9 canadienne de L\u2019Arthrite <a href=\"http:\/\/www.arthrite.ca\">www.arthrite.ca<\/a><\/p>\n<p>La famille Duclos tient \u00e0 remercier tout le personnel du centre hospitalier, du C.L.S.C. et les aides familiales pour tous les soins et leur soutient, un remerciement plus particuli\u00e8rement \u00e0 Annick Lebrasseur pour son d\u00e9vouement exceptionnel pour notre m\u00e8re aux cours des quatre derni\u00e8res ann\u00e9es.<\/p>\n<p>La famille a confi\u00e9 la direction des fun\u00e9railles aux services professionnels de la Maison Mallet &amp; fils du 585 Boul. Laure \u00e0 Sept-\u00celes, maintenant reconnue Distinction et membre de la Corporation des Thanatologues du Qu\u00e9bec.<\/p>\n<p>Vous pouvez consulter cet avis de d\u00e9c\u00e8s sur le <a href=\"https:\/\/nouveau.maisonmallet.com\/back05_01\">www.maisonmallet.com<\/a><\/p>\n<p>Ceux et celles qui le d\u00e9sirent, peuvent y envoyer des messages de sympathie.<\/p>\n<p>&nbsp;<\/p>\n<hr \/>\n<p>Envoyer vos condol\u00e9ances<\/p>\n<p>[contact-form to=\u00a0\u00bbdanielle-sirene0306@hotmail.com\u00a0\u00bb subject=\u00a0\u00bbCondol\u00e9ances Adrienne Massey\u00a0\u00bb][contact-field label=\u00a0\u00bbVotre nom\u00a0\u00bb type=\u00a0\u00bbname\u00a0\u00bb required=\u00a0\u00bb1&Prime;][contact-field label=\u00a0\u00bbVotre courriel\u00a0\u00bb type=\u00a0\u00bbemail\u00a0\u00bb required=\u00a0\u00bb1&Prime;][contact-field label=\u00a0\u00bbCondol\u00e9ances\u00a0\u00bb type=\u00a0\u00bbtextarea\u00a0\u00bb][\/contact-form]<\/p>\n","protected":false},"featured_media":9192,"template":"","event_cat":[6],"class_list":["post-9001","event","type-event","status-publish","has-post-thumbnail","hentry","event_cat-maison-mallet-et-fils-inc"],"_links":{"self":[{"href":"https:\/\/nouveau.maisonmallet.com\/back05_01\/index.php?rest_route=\/wp\/v2\/event\/9001","targetHints":{"allow":["GET"]}}],"collection":[{"href":"https:\/\/nouveau.maisonmallet.com\/back05_01\/index.php?rest_route=\/wp\/v2\/event"}],"about":[{"href":"https:\/\/nouveau.maisonmallet.com\/back05_01\/index.php?rest_route=\/wp\/v2\/types\/event"}],"wp:featuredmedia":[{"embeddable":true,"href":"https:\/\/nouveau.maisonmallet.com\/back05_01\/index.php?rest_route=\/wp\/v2\/media\/9192"}],"wp:attachment":[{"href":"https:\/\/nouveau.maisonmallet.com\/back05_01\/index.php?rest_route=%2Fwp%2Fv2%2Fmedia&parent=9001"}],"wp:term":[{"taxonomy":"event_cat","embeddable":true,"href":"https:\/\/nouveau.maisonmallet.com\/back05_01\/index.php?rest_route=%2Fwp%2Fv2%2Fevent_cat&post=9001"}],"curies":[{"name":"wp","href":"https:\/\/api.w.org\/{rel}","templated":true}]}}